{"id":723,"date":"2025-08-11T13:27:07","date_gmt":"2025-08-11T16:27:07","guid":{"rendered":"http:\/\/172.16.1.59\/?page_id=723"},"modified":"2026-04-23T18:43:13","modified_gmt":"2026-04-23T22:43:13","slug":"expediente","status":"publish","type":"page","link":"http:\/\/observatoriodeturismo.uea.edu.br\/index.php\/expediente\/","title":{"rendered":"Expediente"},"content":{"rendered":"\n<div class=\"wp-block-stackable-columns alignfull stk-block-columns stk-block stk-51b2b12 stk-block-background stk--has-background-overlay\" data-block-id=\"51b2b12\"><style>.stk-51b2b12 .stk--block-align-51b2b12{align-items:center !important;}.stk-51b2b12 {background-color:linear-gradient(to top, #30cfd0 0%, #330867 100%) !important;background-image:url(http:\/\/observatoriodeturismo.uea.edu.br\/wp-content\/uploads\/2025\/10\/ricardo-gouveia-SNlX9aOPdWs-unsplash-scaled.jpg) !important;background-position:bottom center !important;background-repeat:no-repeat !important;background-size:cover !important;padding-top:300px !important;padding-bottom:200px !important;margin-bottom:0px !important;}.stk-51b2b12:before{opacity:0.5 !important;background-image:linear-gradient(to top, #30cfd0 0%, #330867 100%) !important;}.stk-51b2b12-column{--stk-column-gap:35px !important;row-gap:35px !important;}@media screen and (max-width:999px){.stk-51b2b12 {padding-top:250px !important;padding-bottom:150px !important;}}@media screen and (max-width:689px){.stk-51b2b12 {padding-top:150px !important;padding-bottom:100px !important;}}<\/style><div class=\"stk-row stk-inner-blocks stk--block-align-51b2b12 stk-block-content stk-content-align stk-51b2b12-column\">\n<div class=\"wp-block-stackable-column stk-block-column stk-column stk-block stk-3a43e6b\" data-v=\"4\" data-block-id=\"3a43e6b\"><style>.stk-3a43e6b-container{margin-top:0px !important;margin-right:0px !important;margin-bottom:0px !important;margin-left:0px !important;}<\/style><div class=\"stk-column-wrapper stk-block-column__content stk-container stk-3a43e6b-container stk--no-background stk--no-padding\"><div class=\"has-text-align-center-mobile stk-block-content stk-inner-blocks stk-3a43e6b-inner-blocks\">\n<div class=\"wp-block-stackable-heading stk-block-heading stk-block-heading--v2 stk-block stk-7225c59\" id=\"expediente\" data-block-id=\"7225c59\"><style>.stk-7225c59 {margin-bottom:10px !important;}.stk-7225c59 .stk-block-heading__text{font-size:45px !important;color:var(--theme-palette-color-8, #ffffff) !important;line-height:1.3em !important;font-weight:800 !important;}@media screen and (max-width:999px){.stk-7225c59 .stk-block-heading__text{font-size:40px !important;}}@media screen and (max-width:689px){.stk-7225c59 .stk-block-heading__text{font-size:30px !important;}}<\/style><h2 class=\"stk-block-heading__text has-text-color has-text-align-center\">Expediente<\/h2><\/div>\n<\/div><\/div><\/div>\n<\/div><\/div>\n\n\n\n<div class=\"wp-block-stackable-spacer stk-block-spacer stk--no-padding stk-block stk-b2c1613\" data-block-id=\"b2c1613\"><style>.stk-b2c1613 {height:130px !important;}@media screen and (max-width:999px){.stk-b2c1613 {height:70px !important;}}<\/style><\/div>\n\n\n\n<div class=\"wp-block-stackable-columns stk-block-columns stk-block stk-e84acda\" data-block-id=\"e84acda\"><style>.stk-e84acda .stk--block-align-e84acda{align-items:center !important;}.stk-e84acda {margin-bottom:0px !important;}.stk-e84acda-column{--stk-column-gap:50px !important;row-gap:50px !important;}@media screen and (max-width:999px){.stk-e84acda-column{--stk-column-gap:30px !important;}}<\/style><div class=\"stk-row stk-inner-blocks stk--block-align-e84acda stk-block-content stk-content-align stk-e84acda-column\">\n<div class=\"wp-block-stackable-column stk-block-column stk-column stk-block stk-fb8865e\" data-v=\"4\" data-block-id=\"fb8865e\"><style>.stk-fb8865e-container{margin-top:0px !important;margin-right:0px !important;margin-bottom:0px !important;margin-left:0px !important;}<\/style><div class=\"stk-column-wrapper stk-block-column__content stk-container stk-fb8865e-container stk--no-background stk--no-padding\"><div class=\"has-text-align-center-mobile stk-block-content stk-inner-blocks stk-fb8865e-inner-blocks\">\n<div class=\"wp-block-stackable-heading stk-block-heading stk-block-heading--v2 stk-block stk-4ead935\" id=\"rede-do-observatorio-de-turismo\" data-block-id=\"4ead935\"><style>.stk-4ead935 {margin-bottom:20px !important;}.stk-4ead935 .stk-block-heading__text{font-size:25px !important;}@media screen and (max-width:999px){.stk-4ead935 .stk-block-heading__text{font-size:25px !important;}}<\/style><h2 class=\"stk-block-heading__text stk-block-heading--use-theme-margins\">Rede do Observat\u00f3rio de Turismo<\/h2><\/div>\n\n\n\n<div class=\"wp-block-stackable-divider stk-block-divider has-text-align-left has-text-align-center-mobile stk-block stk-c5b9e13 is-style-bar\" data-block-id=\"c5b9e13\"><style>.stk-c5b9e13 hr.stk-block-divider__hr{background:var(--theme-palette-color-1, #7456f1) !important;border-radius:calc(3px \/ 2) !important;height:3px !important;width:10% !important;}.stk-c5b9e13 {margin-bottom:30px !important;}<\/style><hr class=\"stk-block-divider__hr\"\/><\/div>\n\n\n\n<div class=\"wp-block-stackable-columns stk-block-columns stk-block stk-84cd38e\" data-block-id=\"84cd38e\"><style>.stk-84cd38e-column{--stk-column-gap:30px !important;row-gap:30px !important;}<\/style><div class=\"stk-row stk-inner-blocks stk-block-content stk-content-align stk-84cd38e-column\">\n<div class=\"wp-block-stackable-column stk-block-column stk-column stk-block stk-673b59e\" data-v=\"4\" data-block-id=\"673b59e\"><style>.stk-673b59e-container{margin-top:0px !important;margin-right:0px !important;margin-bottom:0px !important;margin-left:0px !important;}<\/style><div class=\"stk-column-wrapper stk-block-column__content stk-container stk-673b59e-container stk--no-background stk--no-padding\"><div class=\"stk-block-content stk-inner-blocks stk-673b59e-inner-blocks\">\n<div class=\"wp-block-stackable-text stk-block-text stk-block stk-4c6e287\" data-block-id=\"4c6e287\"><style>.stk-4c6e287 {margin-bottom:30px !important;}<\/style><p class=\"stk-block-text__text\">A Rede do Observat\u00f3rio de Turismo da UEA \u00e9 constitu\u00edda pelo Grupo de Pesquisa do Observat\u00f3rio da UEA, por entidades p\u00fablicas, privadas e institui\u00e7\u00f5es da sociedade civil que colaboram com o desenvolvimento de atividade tur\u00edstica no Amazonas e que tenham celebrado termo de coopera\u00e7\u00e3o t\u00e9cnica com a UEA. Integram a Rede Observat\u00f3rio de Turismo da UEA as seguintes institui\u00e7\u00f5es: Universidade do Estado do Amazonas \u2013 UEA, Funda\u00e7\u00e3o Municipal de Cultura, Turismo e Eventos \u2013 MANAUSCULT, Empresa Estadual de Turismo do Amazonas \u2013 AMAZONASTUR, Secretaria de Estado de Cultura e Economia Criativa do Amazonas \u2013 SEC, Secretaria de Estado de Desenvolvimento Econ\u00f4mico, Ci\u00eancia, Tecnologia e Inova\u00e7\u00e3o \u2013 SEDECTI, Instituto do Patrim\u00f4nio Hist\u00f3rico e Art\u00edstico Nacional \u2013 IPHAN, Superintend\u00eancia da Zona Franca de Manaus \u2013 SUFRAMA e Federa\u00e7\u00e3o do Com\u00e9rcio de Bens, Servi\u00e7os e Turismo do Estado do Amazonas \u2013 Fecom\u00e9rcio.<\/p><\/div>\n<\/div><\/div><\/div>\n<\/div><\/div>\n<\/div><\/div><\/div>\n<\/div><\/div>\n\n\n\n<div class=\"wp-block-stackable-spacer stk-block-spacer stk--no-padding stk-block stk-f751ac1\" data-block-id=\"f751ac1\"><style>.stk-f751ac1 {height:130px !important;}@media screen and (max-width:999px){.stk-f751ac1 {height:70px !important;}}<\/style><\/div>\n\n\n\n<div class=\"wp-block-stackable-columns stk-block-columns stk-block stk-7f7d653\" data-block-id=\"7f7d653\"><style>.stk-7f7d653 .stk--block-align-7f7d653{align-items:flex-start !important;}.stk-7f7d653 {margin-bottom:0px !important;}.stk-7f7d653-column{--stk-column-gap:50px !important;row-gap:50px !important;}@media screen and (max-width:999px){.stk-7f7d653-column{--stk-column-gap:30px !important;}}<\/style><div class=\"stk-row stk-inner-blocks stk--block-align-7f7d653 stk-block-content stk-content-align stk-7f7d653-column\">\n<div class=\"wp-block-stackable-column stk-block-column stk-column stk-block stk-c1a47b7\" data-v=\"4\" data-block-id=\"c1a47b7\"><style>.stk-c1a47b7-container{margin-top:0px !important;margin-right:0px !important;margin-bottom:0px !important;margin-left:0px !important;}<\/style><div class=\"stk-column-wrapper stk-block-column__content stk-container stk-c1a47b7-container stk--no-background stk--no-padding\"><div class=\"has-text-align-center-mobile stk-block-content stk-inner-blocks stk-c1a47b7-inner-blocks\">\n<div class=\"wp-block-stackable-heading stk-block-heading stk-block-heading--v2 stk-block stk-b0f112b\" id=\"universidade-do-estado-do-amazonas-uea\" data-block-id=\"b0f112b\"><style>.stk-b0f112b {margin-bottom:20px !important;}.stk-b0f112b .stk-block-heading__text{font-size:25px !important;}@media screen and (max-width:999px){.stk-b0f112b .stk-block-heading__text{font-size:25px !important;}}<\/style><h2 class=\"stk-block-heading__text stk-block-heading--use-theme-margins\">Universidade do Estado do Amazonas \u2013 UEA<\/h2><\/div>\n\n\n\n<div class=\"wp-block-stackable-divider stk-block-divider has-text-align-left has-text-align-center-mobile stk-block stk-9d4aac8 is-style-bar\" data-block-id=\"9d4aac8\"><style>.stk-9d4aac8 hr.stk-block-divider__hr{background:var(--theme-palette-color-1, #7456f1) !important;border-radius:calc(3px \/ 2) !important;height:3px !important;width:10% !important;}.stk-9d4aac8 {margin-bottom:30px !important;}<\/style><hr class=\"stk-block-divider__hr\"\/><\/div>\n\n\n\n<div class=\"wp-block-stackable-columns stk-block-columns stk-block stk-b95e72a\" data-block-id=\"b95e72a\"><style>.stk-b95e72a-column{--stk-column-gap:30px !important;row-gap:30px !important;}<\/style><div class=\"stk-row stk-inner-blocks stk-block-content stk-content-align stk-b95e72a-column\">\n<div class=\"wp-block-stackable-column stk-block-column stk-column stk-block stk-1e22f8e\" data-v=\"4\" data-block-id=\"1e22f8e\"><style>.stk-1e22f8e-container{margin-top:0px !important;margin-right:0px !important;margin-bottom:0px !important;margin-left:0px !important;}<\/style><div class=\"stk-column-wrapper stk-block-column__content stk-container stk-1e22f8e-container stk--no-background stk--no-padding\"><div class=\"stk-block-content stk-inner-blocks stk-1e22f8e-inner-blocks\">\n<div class=\"wp-block-stackable-text stk-block-text stk-block stk-1fc0f72\" data-block-id=\"1fc0f72\"><style>.stk-1fc0f72 {margin-bottom:30px !important;}<\/style><p class=\"stk-block-text__text\"><em>Andr\u00e9 Luiz Nunes Zogahib<br><\/em><strong>Reitor da Universidade do Estado do Amazonas \u2013 UEA<\/strong><br><br><em>K\u00e1tia do Nascimento Couceiro<br><\/em><strong>Vice-Reitora da Universidade do Estado do Amazonas \u2013 UEA<\/strong><br><br><em>Nilson Jos\u00e9 de Oliveira J\u00fanior<\/em><br><strong>Pr\u00f3-Reitor de Administra\u00e7\u00e3o &#8211; PROADM<br><\/strong><br><em>Raimundo Barradas<br><\/em><strong>Pr\u00f3-reitor de Ensino de Gradua\u00e7\u00e3o &#8211; PROGRAD<br><\/strong><br><em>Valber Barbosa Martins<br><\/em><strong>Pr\u00f3-reitor de Extens\u00e3o e Assuntos Comunit\u00e1rios &#8211; PROEX<\/strong><br><br><em>Monica Dias de Ara\u00fajo<br><\/em><strong>Pr\u00f3-reitora de Interioriza\u00e7\u00e3o &#8211; PROINT<br><\/strong><br><em>Roberto Sanches Mubarac Sobrinho<br><\/em><strong>Pr\u00f3-reitor de Pesquisa e P\u00f3s-gradua\u00e7\u00e3o &#8211; PROPESP<\/strong><br><br><em>Samantha Pinheiro Paiva<br><\/em><strong>Pr\u00f3-reitora de Planejamento &#8211; PROPLAN<\/strong><\/p><\/div>\n\n\n\n<p><em>Adriane de Fellipe Rodrigues<br><\/em><strong>Diretor da Escola Superior de Artes e Turismo<\/strong><\/p>\n\n\n\n<div class=\"wp-block-stackable-text stk-block-text stk-block stk-3b75f25\" data-block-id=\"3b75f25\"><p class=\"stk-block-text__text\"><em>Claudia Ara\u00fajo Menezes Gon\u00e7alves Martins<br><\/em><strong>Coordenadora Pedag\u00f3gica do Curso de Turismo \u2013 UEA<\/strong><\/p><\/div>\n\n\n\n<div class=\"wp-block-stackable-text stk-block-text stk-block stk-d8d0beb\" data-block-id=\"d8d0beb\"><p class=\"stk-block-text__text\"><em>Ewelyn Guedes de Souza<\/em><br><strong>Secret\u00e1ria do Curso de Turismo \u2013 UEA<\/strong><\/p><\/div>\n\n\n\n<div class=\"wp-block-stackable-text stk-block-text stk-block stk-98c91e7\" data-block-id=\"98c91e7\"><p class=\"stk-block-text__text\"><em>M\u00e1rcia Raquel Cavalcante Guimar\u00e3es<br>Maria Helena de Souza Fons\u00eaca<br>Paula Cristina Pereira Rodrigues Chaves<\/em><br><strong>Coordenadoras do Observat\u00f3rio do Turismo da UEA<\/strong><br><br><em>M\u00e1rcia Raquel Cavalcante Guimar\u00e3es<br>Paula Cristina Pereira Rodrigues Chaves<\/em><br><strong>L\u00edderes do Grupo de Pesquisa<\/strong><br><br><strong>Pesquisadores(as)<\/strong><br><br><em><em>Aline Santos Nobre<\/em><br>Dorval Juan Cativo Carvalho<br>Jakeline Cibelle Santos de Seixas<\/em><br><em>Julliana Vaz da Cruz<br>Kalina Marcelino Benevides Ponte<br>Karla Cristina Ribeiro Maia<\/em><br><em>M\u00e1rcia Raquel Cavalcante Guimar\u00e3es<br>Maria Adriana Sena Bezerra Teixeira<br>Maria Helena de Souza Fons\u00eaca<\/em><br><em>M\u00e1rio Fernando da Silva Santos<\/em><br><em>Michelle Da Silva Oliveira<br>Nicete Jana\u00edna da Silva Ramos<br>Paula Cristina Pereira Rodrigues Chaves<br>Ricardo de Almeida Breves<br><\/em><em>Rosana Oliveria de Ara\u00fajo<br>Selma Paula Maciel Batista<\/em><br><em>Sibelle da Silva Oliveira<\/em><br><em>Silvio Jorge Venancio de Barros<\/em><br><em>Simone Marcela Souza de Carvalho do Nascimento<br>Sonia Araujo Nascimento<\/em><br><em>Virg\u00ednia Reis Barros<\/em><br><br><strong>Estudantes (volunt\u00e1rios e bolsistas de Extens\u00e3o da UEA):<\/strong><\/p><\/div>\n\n\n\n<div class=\"wp-block-stackable-text stk-block-text stk-block stk-d211f9d\" data-block-id=\"d211f9d\"><p class=\"stk-block-text__text\"><em>Agostinho Medeiros de Oliveira Neto<br>Giulyana Monteiro Pascarelli<br>Jo\u00e3o Guilherme Ven\u00e2ncio de Barros<\/em><br><em>Jo\u00e3o Carlos Barroso de Oliveira<\/em>&nbsp;\u2013&nbsp;<em>Manacapuru<\/em><br><em>K\u00e9sia Almeida da Costa<\/em><br><em>Kimberly Raphaela Coelho Soares<br>Lanverly Nogueira dos Santos \u2013 Novo Air\u00e3o<\/em><br><em>Luiza Silva da Silva<\/em><br><em>Manoela Soares Barros<br>Maria Cristina Vasconselos Pedroza \u2013 Manacapuru<br>Maria Helena dos Santos Sampaio<\/em><br><em>Maria Vit\u00f3ria Rodrigues de Alvarenga<br>Rafaela Duarte Rasori<br>Ricardo Sales Dias<\/em><br><em>Solange Moreira de Souza \u2013 Novo Air\u00e3o<br>Suene Borges Pacheco \u2013 Novo Air\u00e3o<br>Victoria Elizabeth Santana Agard \u2013 Novo Air\u00e3o<br>Vin\u00edcius Nogueira Correa<\/em><\/p><\/div>\n<\/div><\/div><\/div>\n<\/div><\/div>\n<\/div><\/div><\/div>\n<\/div><\/div>\n\n\n\n<div class=\"wp-block-stackable-spacer stk-block-spacer stk--no-padding stk-block stk-aab3976\" data-block-id=\"aab3976\"><style>.stk-aab3976 {height:60px !important;}@media screen and (max-width:999px){.stk-aab3976 {height:70px !important;}}<\/style><\/div>\n\n\n\n<div class=\"wp-block-stackable-columns stk-block-columns stk-block stk-53442b1\" data-block-id=\"53442b1\"><style>.stk-53442b1 .stk--block-align-53442b1{align-items:flex-start !important;}.stk-53442b1 {margin-bottom:0px !important;}.stk-53442b1-column{--stk-column-gap:50px !important;row-gap:50px !important;}@media screen and (max-width:999px){.stk-53442b1-column{--stk-column-gap:30px !important;}}<\/style><div class=\"stk-row stk-inner-blocks stk--block-align-53442b1 stk-block-content stk-content-align stk-53442b1-column\">\n<div class=\"wp-block-stackable-column stk-block-column stk-column stk-block stk-303ee33\" data-v=\"4\" data-block-id=\"303ee33\"><style>.stk-303ee33-container{margin-top:0px !important;margin-right:0px !important;margin-bottom:0px !important;margin-left:0px !important;}<\/style><div class=\"stk-column-wrapper stk-block-column__content stk-container stk-303ee33-container stk--no-background stk--no-padding\"><div class=\"has-text-align-center-mobile stk-block-content stk-inner-blocks stk-303ee33-inner-blocks\">\n<div class=\"wp-block-stackable-heading stk-block-heading stk-block-heading--v2 stk-block stk-ec73c98\" id=\"empresa-estadual-de-turismo-do-amazonas-amazonastur\" data-block-id=\"ec73c98\"><style>.stk-ec73c98 {margin-bottom:20px !important;}.stk-ec73c98 .stk-block-heading__text{font-size:25px !important;}@media screen and (max-width:999px){.stk-ec73c98 .stk-block-heading__text{font-size:25px !important;}}<\/style><h2 class=\"stk-block-heading__text stk-block-heading--use-theme-margins\">Empresa Estadual de Turismo do Amazonas &#8211; AMAZONASTUR<\/h2><\/div>\n\n\n\n<div class=\"wp-block-stackable-divider stk-block-divider has-text-align-left has-text-align-center-mobile stk-block stk-be982e7 is-style-bar\" data-block-id=\"be982e7\"><style>.stk-be982e7 hr.stk-block-divider__hr{background:var(--theme-palette-color-1, #7456f1) !important;border-radius:calc(3px \/ 2) !important;height:3px !important;width:10% !important;}.stk-be982e7 {margin-bottom:30px !important;}<\/style><hr class=\"stk-block-divider__hr\"\/><\/div>\n\n\n\n<div class=\"wp-block-stackable-columns stk-block-columns stk-block stk-aea3a19\" data-block-id=\"aea3a19\"><style>.stk-aea3a19-column{--stk-column-gap:30px !important;row-gap:30px !important;}<\/style><div class=\"stk-row stk-inner-blocks stk-block-content stk-content-align stk-aea3a19-column\">\n<div class=\"wp-block-stackable-column stk-block-column stk-column stk-block stk-9ba5a53\" data-v=\"4\" data-block-id=\"9ba5a53\"><style>.stk-9ba5a53-container{margin-top:0px !important;margin-right:0px !important;margin-bottom:0px !important;margin-left:0px !important;}<\/style><div class=\"stk-column-wrapper stk-block-column__content stk-container stk-9ba5a53-container stk--no-background stk--no-padding\"><div class=\"stk-block-content stk-inner-blocks stk-9ba5a53-inner-blocks\">\n<div class=\"wp-block-stackable-text stk-block-text stk-block stk-b7740af\" data-block-id=\"b7740af\"><style>.stk-b7740af {margin-bottom:30px !important;}<\/style><p class=\"stk-block-text__text\">Frank Dantas<br><strong>Presidente<br><\/strong><br><em>Laena Queiroz Porto<br><\/em><strong>Diretora de Desenvolvimento e Turismo<\/strong><br><strong><br><\/strong><em>Francisco Alves<\/em>&nbsp;<em>dos Santos<\/em><strong><br>Chefe do Departamento de Estat\u00edstica<\/strong><\/p><\/div>\n<\/div><\/div><\/div>\n<\/div><\/div>\n\n\n\n<div class=\"wp-block-stackable-heading stk-block-heading stk-block-heading--v2 stk-block stk-f15bad9\" id=\"fundacao-municipal-de-cultura-turismo-e-eventos-manauscult\" data-block-id=\"f15bad9\"><style>.stk-f15bad9 {margin-bottom:20px !important;}.stk-f15bad9 .stk-block-heading__text{font-size:25px !important;}@media screen and (max-width:999px){.stk-f15bad9 .stk-block-heading__text{font-size:25px !important;}}<\/style><h2 class=\"stk-block-heading__text stk-block-heading--use-theme-margins\">Funda\u00e7\u00e3o Municipal de Cultura, Turismo e Eventos MANAUSCULT<\/h2><\/div>\n\n\n\n<div class=\"wp-block-stackable-divider stk-block-divider has-text-align-left has-text-align-center-mobile stk-block stk-7d92543 is-style-bar\" id=\"fundacao-municipal-de-cultura-turismo-e-eventos-manauscult\" data-block-id=\"7d92543\"><style>.stk-7d92543 hr.stk-block-divider__hr{background:var(--theme-palette-color-1, #7456f1) !important;border-radius:calc(3px \/ 2) !important;height:3px !important;width:10% !important;}.stk-7d92543 {margin-bottom:30px !important;}<\/style><hr class=\"stk-block-divider__hr\"\/><\/div>\n\n\n\n<div class=\"wp-block-stackable-columns stk-block-columns stk-block stk-dfa66d7\" id=\"fundacao-municipal-de-cultura-turismo-e-eventos-manauscult\" data-block-id=\"dfa66d7\"><style>.stk-dfa66d7-column{--stk-column-gap:30px !important;row-gap:30px !important;}<\/style><div class=\"stk-row stk-inner-blocks stk-block-content stk-content-align stk-dfa66d7-column\">\n<div class=\"wp-block-stackable-column stk-block-column stk-column stk-block stk-4dfe23c\" data-v=\"4\" data-block-id=\"4dfe23c\"><style>.stk-4dfe23c-container{margin-top:0px !important;margin-right:0px !important;margin-bottom:0px !important;margin-left:0px !important;}<\/style><div class=\"stk-column-wrapper stk-block-column__content stk-container stk-4dfe23c-container stk--no-background stk--no-padding\"><div class=\"stk-block-content stk-inner-blocks stk-4dfe23c-inner-blocks\">\n<div class=\"wp-block-stackable-text stk-block-text stk-block stk-26db42e\" data-block-id=\"26db42e\"><style>.stk-26db42e {margin-bottom:30px !important;}<\/style><p class=\"stk-block-text__text\"><em>M\u00e1rcio Braz dos Santos Santana<\/em><br><strong>Diretor-Presidente<br><\/strong><br><em>Oreni Braga<br><\/em><strong>Vice-Presidente de Turismo<\/strong><br><strong><br><\/strong><em>Luciana Vieira de Souza Batista<\/em><strong><br>Representante<\/strong><\/p><\/div>\n<\/div><\/div><\/div>\n<\/div><\/div>\n<\/div><\/div><\/div>\n<\/div><\/div>\n\n\n\n<div class=\"wp-block-stackable-spacer stk-block-spacer stk--no-padding stk-block stk-edbe0ae\" data-block-id=\"edbe0ae\"><style>.stk-edbe0ae {height:60px !important;}@media screen and (max-width:999px){.stk-edbe0ae {height:70px !important;}}<\/style><\/div>\n\n\n\n<div class=\"wp-block-stackable-columns stk-block-columns stk-block stk-39c412a\" data-block-id=\"39c412a\"><style>.stk-39c412a .stk--block-align-39c412a{align-items:flex-start !important;}.stk-39c412a {margin-bottom:0px !important;}.stk-39c412a-column{--stk-column-gap:50px !important;row-gap:50px !important;}@media screen and (max-width:999px){.stk-39c412a-column{--stk-column-gap:30px !important;}}<\/style><div class=\"stk-row stk-inner-blocks stk--block-align-39c412a stk-block-content stk-content-align stk-39c412a-column\">\n<div class=\"wp-block-stackable-column stk-block-column stk-column stk-block stk-a49367a\" data-v=\"4\" data-block-id=\"a49367a\"><style>.stk-a49367a-container{margin-top:0px !important;margin-right:0px !important;margin-bottom:0px !important;margin-left:0px !important;}<\/style><div class=\"stk-column-wrapper stk-block-column__content stk-container stk-a49367a-container stk--no-background stk--no-padding\"><div class=\"has-text-align-center-mobile stk-block-content stk-inner-blocks stk-a49367a-inner-blocks\">\n<div class=\"wp-block-stackable-heading stk-block-heading stk-block-heading--v2 stk-block stk-bd5fbfd\" id=\"secretaria-de-estado-de-cultura-e-economia-criativa-do-amazonas-sec\" data-block-id=\"bd5fbfd\"><style>.stk-bd5fbfd {margin-bottom:20px !important;}.stk-bd5fbfd .stk-block-heading__text{font-size:25px !important;}@media screen and (max-width:999px){.stk-bd5fbfd .stk-block-heading__text{font-size:25px !important;}}<\/style><h2 class=\"stk-block-heading__text stk-block-heading--use-theme-margins\">Secretaria de Estado de Cultura e Economia Criativa do Amazonas \u2013 SEC<\/h2><\/div>\n\n\n\n<div class=\"wp-block-stackable-divider stk-block-divider has-text-align-left has-text-align-center-mobile stk-block stk-84ea322 is-style-bar\" data-block-id=\"84ea322\"><style>.stk-84ea322 hr.stk-block-divider__hr{background:var(--theme-palette-color-1, #7456f1) !important;border-radius:calc(3px \/ 2) !important;height:3px !important;width:10% !important;}.stk-84ea322 {margin-bottom:30px !important;}<\/style><hr class=\"stk-block-divider__hr\"\/><\/div>\n\n\n\n<div class=\"wp-block-stackable-columns stk-block-columns stk-block stk-3c61c46\" data-block-id=\"3c61c46\"><style>.stk-3c61c46-column{--stk-column-gap:30px !important;row-gap:30px !important;}<\/style><div class=\"stk-row stk-inner-blocks stk-block-content stk-content-align stk-3c61c46-column\">\n<div class=\"wp-block-stackable-column stk-block-column stk-column stk-block stk-b331d1f\" data-v=\"4\" data-block-id=\"b331d1f\"><style>.stk-b331d1f-container{margin-top:0px !important;margin-right:0px !important;margin-bottom:0px !important;margin-left:0px !important;}<\/style><div class=\"stk-column-wrapper stk-block-column__content stk-container stk-b331d1f-container stk--no-background stk--no-padding\"><div class=\"stk-block-content stk-inner-blocks stk-b331d1f-inner-blocks\">\n<div class=\"wp-block-stackable-text stk-block-text stk-block stk-a7e31de\" data-block-id=\"a7e31de\"><style>.stk-a7e31de {margin-bottom:30px !important;}<\/style><p class=\"stk-block-text__text\"><em>Caio Andr\u00e9 Pinheiro de Oliveira<br><\/em><strong>Secret\u00e1rio de Estado<\/strong><br><br><em>Jeniffer Ribeiro da Silva<\/em><br><strong>Chefe de Gabinete<\/strong><br><br><em>Aline Santana<\/em><strong><br>Diretora de Museus<\/strong><br><br><em>Mikael Nunes Brand\u00e3o<\/em><strong><br>Economista<\/strong><\/p><\/div>\n<\/div><\/div><\/div>\n<\/div><\/div>\n<\/div><\/div><\/div>\n<\/div><\/div>\n\n\n\n<div class=\"wp-block-stackable-spacer stk-block-spacer stk--no-padding stk-block stk-a9ac1e0\" data-block-id=\"a9ac1e0\"><style>.stk-a9ac1e0 {height:60px !important;}@media screen and (max-width:999px){.stk-a9ac1e0 {height:70px !important;}}<\/style><\/div>\n\n\n\n<div class=\"wp-block-stackable-columns stk-block-columns stk-block stk-17e452f\" data-block-id=\"17e452f\"><style>.stk-17e452f .stk--block-align-17e452f{align-items:flex-start !important;}.stk-17e452f {margin-bottom:0px !important;}.stk-17e452f-column{--stk-column-gap:50px !important;row-gap:50px !important;}@media screen and (max-width:999px){.stk-17e452f-column{--stk-column-gap:30px !important;}}<\/style><div class=\"stk-row stk-inner-blocks stk--block-align-17e452f stk-block-content stk-content-align stk-17e452f-column\">\n<div class=\"wp-block-stackable-column stk-block-column stk-column stk-block stk-d82475a\" data-v=\"4\" data-block-id=\"d82475a\"><style>.stk-d82475a-container{margin-top:0px !important;margin-right:0px !important;margin-bottom:0px !important;margin-left:0px !important;}<\/style><div class=\"stk-column-wrapper stk-block-column__content stk-container stk-d82475a-container stk--no-background stk--no-padding\"><div class=\"has-text-align-center-mobile stk-block-content stk-inner-blocks stk-d82475a-inner-blocks\">\n<div class=\"wp-block-stackable-heading stk-block-heading stk-block-heading--v2 stk-block stk-5554652\" id=\"secretaria-de-estado-de-desenvolvimento-economico-ciencia-tecnologia-e-inovacao-sedecti\" data-block-id=\"5554652\"><style>.stk-5554652 {margin-bottom:20px !important;}.stk-5554652 .stk-block-heading__text{font-size:25px !important;}@media screen and (max-width:999px){.stk-5554652 .stk-block-heading__text{font-size:25px !important;}}<\/style><h2 class=\"stk-block-heading__text stk-block-heading--use-theme-margins\">Secretaria de Estado de Desenvolvimento Econ\u00f4mico, Ci\u00eancia, Tecnologia e Inova\u00e7\u00e3o \u2013 SEDECTI<\/h2><\/div>\n\n\n\n<div class=\"wp-block-stackable-divider stk-block-divider has-text-align-left has-text-align-center-mobile stk-block stk-fc8be04 is-style-bar\" data-block-id=\"fc8be04\"><style>.stk-fc8be04 hr.stk-block-divider__hr{background:var(--theme-palette-color-1, #7456f1) !important;border-radius:calc(3px \/ 2) !important;height:3px !important;width:10% !important;}.stk-fc8be04 {margin-bottom:30px !important;}<\/style><hr class=\"stk-block-divider__hr\"\/><\/div>\n\n\n\n<div class=\"wp-block-stackable-columns stk-block-columns stk-block stk-3e4148c\" data-block-id=\"3e4148c\"><style>.stk-3e4148c-column{--stk-column-gap:30px !important;row-gap:30px !important;}<\/style><div class=\"stk-row stk-inner-blocks stk-block-content stk-content-align stk-3e4148c-column\">\n<div class=\"wp-block-stackable-column stk-block-column stk-column stk-block stk-41054c2\" data-v=\"4\" data-block-id=\"41054c2\"><style>.stk-41054c2-container{margin-top:0px !important;margin-right:0px !important;margin-bottom:0px !important;margin-left:0px !important;}<\/style><div class=\"stk-column-wrapper stk-block-column__content stk-container stk-41054c2-container stk--no-background stk--no-padding\"><div class=\"stk-block-content stk-inner-blocks stk-41054c2-inner-blocks\">\n<div class=\"wp-block-stackable-text stk-block-text stk-block stk-90efac2\" data-block-id=\"90efac2\"><style>.stk-90efac2 {margin-bottom:30px !important;}<\/style><p class=\"stk-block-text__text\"><em>Serafim Fernandes Corr\u00eaa<\/em><br><strong>Secret\u00e1rio da Secretaria de Estado de Desenvolvimento, Ci\u00eancia, Tecnologia e Inova\u00e7\u00e3o<\/strong><\/p><\/div>\n\n\n\n<div class=\"wp-block-stackable-text stk-block-text stk-block stk-a5c5fde\" data-block-id=\"a5c5fde\"><p class=\"stk-block-text__text\">Gustavo Adolfo Igrejas Filgueiras<br><strong>Diretor do Dep. de Diversifica\u00e7\u00e3o Econ\u00f4mica<\/strong><\/p><\/div>\n\n\n\n<div class=\"wp-block-stackable-text stk-block-text stk-block stk-2dd257f\" data-block-id=\"2dd257f\"><p class=\"stk-block-text__text\"><em>Denise Bezerra Lima<br><\/em><strong>Assistente T\u00e9cnica<\/strong><\/p><\/div>\n<\/div><\/div><\/div>\n<\/div><\/div>\n<\/div><\/div><\/div>\n<\/div><\/div>\n\n\n\n<div class=\"wp-block-stackable-spacer stk-block-spacer stk--no-padding stk-block stk-978a510\" data-block-id=\"978a510\"><style>.stk-978a510 {height:60px !important;}@media screen and (max-width:999px){.stk-978a510 {height:70px !important;}}<\/style><\/div>\n\n\n\n<div class=\"wp-block-stackable-columns stk-block-columns stk-block stk-40c1812\" data-block-id=\"40c1812\"><style>.stk-40c1812 .stk--block-align-40c1812{align-items:flex-start !important;}.stk-40c1812 {margin-bottom:0px !important;}.stk-40c1812-column{--stk-column-gap:50px !important;row-gap:50px !important;}@media screen and (max-width:999px){.stk-40c1812-column{--stk-column-gap:30px !important;}}<\/style><div class=\"stk-row stk-inner-blocks stk--block-align-40c1812 stk-block-content stk-content-align stk-40c1812-column\">\n<div class=\"wp-block-stackable-column stk-block-column stk-column stk-block stk-d1599df\" data-v=\"4\" data-block-id=\"d1599df\"><style>.stk-d1599df-container{margin-top:0px !important;margin-right:0px !important;margin-bottom:0px !important;margin-left:0px !important;}<\/style><div class=\"stk-column-wrapper stk-block-column__content stk-container stk-d1599df-container stk--no-background stk--no-padding\"><div class=\"has-text-align-center-mobile stk-block-content stk-inner-blocks stk-d1599df-inner-blocks\">\n<div class=\"wp-block-stackable-heading stk-block-heading stk-block-heading--v2 stk-block stk-ede836c\" id=\"instituto-do-patrimonio-historico-e-artistico-nacional-iphan\" data-block-id=\"ede836c\"><style>.stk-ede836c {margin-bottom:20px !important;}.stk-ede836c .stk-block-heading__text{font-size:25px !important;}@media screen and (max-width:999px){.stk-ede836c .stk-block-heading__text{font-size:25px !important;}}<\/style><h2 class=\"stk-block-heading__text stk-block-heading--use-theme-margins\">Instituto do Patrim\u00f4nio Hist\u00f3rico e Art\u00edstico Nacional \u2013 IPHAN<\/h2><\/div>\n\n\n\n<div class=\"wp-block-stackable-divider stk-block-divider has-text-align-left has-text-align-center-mobile stk-block stk-8619886 is-style-bar\" data-block-id=\"8619886\"><style>.stk-8619886 hr.stk-block-divider__hr{background:var(--theme-palette-color-1, #7456f1) !important;border-radius:calc(3px \/ 2) !important;height:3px !important;width:10% !important;}.stk-8619886 {margin-bottom:30px !important;}<\/style><hr class=\"stk-block-divider__hr\"\/><\/div>\n\n\n\n<div class=\"wp-block-stackable-columns stk-block-columns stk-block stk-e404ecd\" data-block-id=\"e404ecd\"><style>.stk-e404ecd-column{--stk-column-gap:30px !important;row-gap:30px !important;}<\/style><div class=\"stk-row stk-inner-blocks stk-block-content stk-content-align stk-e404ecd-column\">\n<div class=\"wp-block-stackable-column stk-block-column stk-column stk-block stk-af58ef6\" data-v=\"4\" data-block-id=\"af58ef6\"><style>.stk-af58ef6-container{margin-top:0px !important;margin-right:0px !important;margin-bottom:0px !important;margin-left:0px !important;}<\/style><div class=\"stk-column-wrapper stk-block-column__content stk-container stk-af58ef6-container stk--no-background stk--no-padding\"><div class=\"stk-block-content stk-inner-blocks stk-af58ef6-inner-blocks\">\n<div class=\"wp-block-stackable-text stk-block-text stk-block stk-4f2458c\" data-block-id=\"4f2458c\"><style>.stk-4f2458c {margin-bottom:30px !important;}<\/style><p class=\"stk-block-text__text\"><em>Beatriz Calheiro de Abreu Evanovick<br><\/em><strong>Superintendente do Iphan no Estado do Amazonas (IPHAN-AM)<\/strong><\/p><\/div>\n\n\n\n<div class=\"wp-block-stackable-text stk-block-text stk-block stk-7fac0e2\" data-block-id=\"7fac0e2\"><style>.stk-7fac0e2 {margin-bottom:30px !important;}<\/style><p class=\"stk-block-text__text\"><em>Rafael Azevedo<\/em><br><strong>Coordenador T\u00e9cnico da Superintend\u00eancia do IPHAN no Amazonas<\/strong><\/p><\/div>\n<\/div><\/div><\/div>\n<\/div><\/div>\n<\/div><\/div><\/div>\n<\/div><\/div>\n\n\n\n<div class=\"wp-block-stackable-spacer stk-block-spacer stk--no-padding stk-block stk-95137e0\" data-block-id=\"95137e0\"><style>.stk-95137e0 {height:60px !important;}@media screen and (max-width:999px){.stk-95137e0 {height:70px !important;}}<\/style><\/div>\n\n\n\n<div class=\"wp-block-stackable-columns stk-block-columns stk-block stk-91acd2f\" data-block-id=\"91acd2f\"><style>.stk-91acd2f .stk--block-align-91acd2f{align-items:flex-start !important;}.stk-91acd2f {margin-bottom:0px !important;}.stk-91acd2f-column{--stk-column-gap:50px !important;row-gap:50px !important;}@media screen and (max-width:999px){.stk-91acd2f-column{--stk-column-gap:30px !important;}}<\/style><div class=\"stk-row stk-inner-blocks stk--block-align-91acd2f stk-block-content stk-content-align stk-91acd2f-column\">\n<div class=\"wp-block-stackable-column stk-block-column stk-column stk-block stk-3062ca6\" data-v=\"4\" data-block-id=\"3062ca6\"><style>.stk-3062ca6-container{margin-top:0px !important;margin-right:0px !important;margin-bottom:0px !important;margin-left:0px !important;}<\/style><div class=\"stk-column-wrapper stk-block-column__content stk-container stk-3062ca6-container stk--no-background stk--no-padding\"><div class=\"has-text-align-center-mobile stk-block-content stk-inner-blocks stk-3062ca6-inner-blocks\">\n<div class=\"wp-block-stackable-heading stk-block-heading stk-block-heading--v2 stk-block stk-ad5a332\" id=\"superintendencia-da-zona-franca-de-manaus-suframa\" data-block-id=\"ad5a332\"><style>.stk-ad5a332 {margin-bottom:20px !important;}.stk-ad5a332 .stk-block-heading__text{font-size:25px !important;}@media screen and (max-width:999px){.stk-ad5a332 .stk-block-heading__text{font-size:25px !important;}}<\/style><h2 class=\"stk-block-heading__text stk-block-heading--use-theme-margins\">Superintend\u00eancia da Zona Franca de Manaus \u2013 SUFRAMA<\/h2><\/div>\n\n\n\n<div class=\"wp-block-stackable-divider stk-block-divider has-text-align-left has-text-align-center-mobile stk-block stk-0cc07c7 is-style-bar\" data-block-id=\"0cc07c7\"><style>.stk-0cc07c7 hr.stk-block-divider__hr{background:var(--theme-palette-color-1, #7456f1) !important;border-radius:calc(3px \/ 2) !important;height:3px !important;width:10% !important;}.stk-0cc07c7 {margin-bottom:30px !important;}<\/style><hr class=\"stk-block-divider__hr\"\/><\/div>\n\n\n\n<div class=\"wp-block-stackable-columns stk-block-columns stk-block stk-93e33ce\" data-block-id=\"93e33ce\"><style>.stk-93e33ce-column{--stk-column-gap:30px !important;row-gap:30px !important;}<\/style><div class=\"stk-row stk-inner-blocks stk-block-content stk-content-align stk-93e33ce-column\">\n<div class=\"wp-block-stackable-column stk-block-column stk-column stk-block stk-56ce685\" data-v=\"4\" data-block-id=\"56ce685\"><style>.stk-56ce685-container{margin-top:0px !important;margin-right:0px !important;margin-bottom:0px !important;margin-left:0px !important;}<\/style><div class=\"stk-column-wrapper stk-block-column__content stk-container stk-56ce685-container stk--no-background stk--no-padding\"><div class=\"stk-block-content stk-inner-blocks stk-56ce685-inner-blocks\">\n<div class=\"wp-block-stackable-text stk-block-text stk-block stk-a4fcd26\" data-block-id=\"a4fcd26\"><style>.stk-a4fcd26 {margin-bottom:30px !important;}<\/style><p class=\"stk-block-text__text\"><em>Jo\u00e3o Bosco Gomes Saraiva<\/em><br><strong>Superintendente da Suframa<\/strong><\/p><\/div>\n\n\n\n<div class=\"wp-block-stackable-text stk-block-text stk-block stk-11488e1\" data-block-id=\"11488e1\"><p class=\"stk-block-text__text\"><em>Luiz Frederico Oliveira de Aguiar<\/em><br><strong>Superintendente-Adjunto Executivo<\/strong><\/p><\/div>\n\n\n\n<div class=\"wp-block-stackable-text stk-block-text stk-block stk-82135e5\" data-block-id=\"82135e5\"><p class=\"stk-block-text__text\"><br><em>Ana Maria Oliveira de Souza<\/em><br><strong>Coordenadora-geral de Estudos Econ\u00f4micos Empresariais<\/strong><br><br><em>Ros\u00e2ngela L\u00f3pez Alan\u00eds<\/em><strong><br>T\u00e9cnica da Coordena\u00e7\u00e3o Geral de Estudos Econ\u00f4micos Empresariais<\/strong><\/p><\/div>\n<\/div><\/div><\/div>\n<\/div><\/div>\n<\/div><\/div><\/div>\n<\/div><\/div>\n\n\n\n<div class=\"wp-block-stackable-spacer stk-block-spacer stk--no-padding stk-block stk-54ebc17\" data-block-id=\"54ebc17\"><style>.stk-54ebc17 {height:60px !important;}@media screen and (max-width:999px){.stk-54ebc17 {height:70px !important;}}<\/style><\/div>\n\n\n\n<div class=\"wp-block-stackable-columns stk-block-columns stk-block stk-a40e72f\" data-block-id=\"a40e72f\"><style>.stk-a40e72f .stk--block-align-a40e72f{align-items:flex-start !important;}.stk-a40e72f {margin-bottom:0px !important;}.stk-a40e72f-column{--stk-column-gap:50px !important;row-gap:50px !important;}@media screen and (max-width:999px){.stk-a40e72f-column{--stk-column-gap:30px !important;}}<\/style><div class=\"stk-row stk-inner-blocks stk--block-align-a40e72f stk-block-content stk-content-align stk-a40e72f-column\">\n<div class=\"wp-block-stackable-column stk-block-column stk-column stk-block stk-f6cb61a\" data-v=\"4\" data-block-id=\"f6cb61a\"><style>.stk-f6cb61a-container{margin-top:0px !important;margin-right:0px !important;margin-bottom:0px !important;margin-left:0px !important;}<\/style><div class=\"stk-column-wrapper stk-block-column__content stk-container stk-f6cb61a-container stk--no-background stk--no-padding\"><div class=\"has-text-align-center-mobile stk-block-content stk-inner-blocks stk-f6cb61a-inner-blocks\">\n<div class=\"wp-block-stackable-heading stk-block-heading stk-block-heading--v2 stk-block stk-b0023d4\" id=\"federacao-do-comercio-de-bens-servicos-e-turismo-do-estado-do-amazonas-fecomercio\" data-block-id=\"b0023d4\"><style>.stk-b0023d4 {margin-bottom:20px !important;}.stk-b0023d4 .stk-block-heading__text{font-size:25px !important;}@media screen and (max-width:999px){.stk-b0023d4 .stk-block-heading__text{font-size:25px !important;}}<\/style><h2 class=\"stk-block-heading__text stk-block-heading--use-theme-margins\">Federa\u00e7\u00e3o do Com\u00e9rcio de Bens, Servi\u00e7os e Turismo do Estado do Amazonas \u2013 Fecom\u00e9rcio<\/h2><\/div>\n\n\n\n<div class=\"wp-block-stackable-divider stk-block-divider has-text-align-left has-text-align-center-mobile stk-block stk-84f6f84 is-style-bar\" data-block-id=\"84f6f84\"><style>.stk-84f6f84 hr.stk-block-divider__hr{background:var(--theme-palette-color-1, #7456f1) !important;border-radius:calc(3px \/ 2) !important;height:3px !important;width:10% !important;}.stk-84f6f84 {margin-bottom:30px !important;}<\/style><hr class=\"stk-block-divider__hr\"\/><\/div>\n\n\n\n<div class=\"wp-block-stackable-columns stk-block-columns stk-block stk-7bca7e7\" data-block-id=\"7bca7e7\"><style>.stk-7bca7e7-column{--stk-column-gap:30px !important;row-gap:30px !important;}<\/style><div class=\"stk-row stk-inner-blocks stk-block-content stk-content-align stk-7bca7e7-column\">\n<div class=\"wp-block-stackable-column stk-block-column stk-column stk-block stk-2943307\" data-v=\"4\" data-block-id=\"2943307\"><style>.stk-2943307-container{margin-top:0px !important;margin-right:0px !important;margin-bottom:0px !important;margin-left:0px !important;}<\/style><div class=\"stk-column-wrapper stk-block-column__content stk-container stk-2943307-container stk--no-background stk--no-padding\"><div class=\"stk-block-content stk-inner-blocks stk-2943307-inner-blocks\">\n<div class=\"wp-block-stackable-text stk-block-text stk-block stk-377ffd8\" data-block-id=\"377ffd8\"><style>.stk-377ffd8 {margin-bottom:30px !important;}<\/style><p class=\"stk-block-text__text\"><em>Aderson Santos da Frota<\/em><br><strong>Presidente em Exerc\u00edcio<\/strong><br><br>Jos\u00e9 Roberto Tadros<em><br><\/em><strong>Presidente Licenciado<\/strong><br><em><br>Roberto Sim\u00e3o Bulbol<br><\/em><strong>Diretor<\/strong><br><br><em>Jo\u00e3o Ara\u00fajo<br><\/em><strong>Conselho Empresarial de Turismo e Hospitalidade \u2013 AM<\/strong><\/p><\/div>\n<\/div><\/div><\/div>\n<\/div><\/div>\n<\/div><\/div><\/div>\n<\/div><\/div>\n\n\n\n<div class=\"wp-block-stackable-spacer stk-block-spacer stk--no-padding stk-block stk-7616cb8\" data-block-id=\"7616cb8\"><style>.stk-7616cb8 {height:130px !important;}@media screen and (max-width:999px){.stk-7616cb8 {height:70px !important;}}<\/style><\/div>\n\n\n\n<div class=\"wp-block-stackable-columns alignfull stk-block-columns stk-block stk-80ce3af stk-block-background stk--has-background-overlay\" data-block-id=\"80ce3af\"><style>.stk-80ce3af {background-color:linear-gradient(180deg, #ffffff 50%, var(--theme-palette-color-4, #102136) 50%) !important;margin-bottom:0px !important;}.stk-80ce3af:before{background-image:linear-gradient(180deg, #ffffff 50%, var(--theme-palette-color-4, #102136) 50%) !important;}<\/style><div class=\"stk-row stk-inner-blocks stk-block-content stk-content-align stk-80ce3af-column\">\n<div class=\"wp-block-stackable-column stk-block-column stk-column stk-block stk-6ddbaf2 stk-block-background stk--has-background-overlay\" data-v=\"4\" data-block-id=\"6ddbaf2\"><style>.stk-6ddbaf2-container{margin-top:0px !important;margin-right:0px !important;margin-bottom:0px !important;margin-left:0px !important;}.stk-6ddbaf2 {background-color:linear-gradient(15deg,rgb(19,84,122) 83%,rgb(128,208,199) 100%) !important;background-image:url(http:\/\/observatoriodeturismo.uea.edu.br\/wp-content\/uploads\/2025\/10\/passeios-em-manaus.jpg) !important;border-top-left-radius:10px !important;border-top-right-radius:10px !important;border-bottom-right-radius:10px !important;border-bottom-left-radius:10px !important;overflow:hidden !important;padding-top:100px !important;padding-right:150px !important;padding-bottom:100px !important;padding-left:150px !important;}.stk-6ddbaf2:before{opacity:0.5 !important;background-image:linear-gradient(15deg,rgb(19,84,122) 83%,rgb(128,208,199) 100%) !important;}@media screen and (max-width:999px){.stk-6ddbaf2 {padding-top:80px !important;padding-right:150px !important;padding-bottom:80px !important;padding-left:150px !important;}}@media screen and (max-width:689px){.stk-6ddbaf2 {padding-top:60px !important;padding-right:50px !important;padding-bottom:60px !important;padding-left:50px !important;}}<\/style><div class=\"stk-column-wrapper stk-block-column__content stk-container stk-6ddbaf2-container stk--no-background stk--no-padding\"><div class=\"has-text-align-center stk-block-content stk-inner-blocks stk-6ddbaf2-inner-blocks\">\n<div class=\"wp-block-stackable-heading stk-block-heading stk-block-heading--v2 stk-block stk-8054442\" id=\"obeservatorio-de-turismo-da-uea\" data-block-id=\"8054442\"><style>.stk-8054442 {margin-bottom:10px !important;}.stk-8054442 .stk-block-heading__text{color:var(--theme-palette-color-8, #ffffff) !important;font-weight:800 !important;}@media screen and (max-width:689px){.stk-8054442 .stk-block-heading__text{font-size:25px !important;}}<\/style><h2 class=\"stk-block-heading__text has-text-color stk-block-heading--use-theme-margins\">Obeservat\u00f3rio de Turismo da UEA<\/h2><\/div>\n\n\n\n<div class=\"wp-block-stackable-text stk-block-text stk-block stk-7e574b6\" data-block-id=\"7e574b6\"><style>.stk-7e574b6 {margin-bottom:40px !important;}.stk-7e574b6 .stk-block-text__text{color:var(--theme-palette-color-8, #ffffff) !important;}<\/style><p class=\"stk-block-text__text has-text-color\">Institu\u00eddo com o objetivo de reunir e disponibilizar dados e informa\u00e7\u00f5es para gestores, pesquisadores, profissionais do mercado, jornalistas, entre outros, por meio de publica\u00e7\u00f5es t\u00e9cnicas elaboradas em parceria com a Rede de Observat\u00f3rio do Turismo no Amazonas.<\/p><\/div>\n\n\n\n<div class=\"wp-block-stackable-button-group stk-block-button-group stk-block stk-cc4a772\" data-block-id=\"cc4a772\"><div class=\"stk-row stk-inner-blocks stk-block-content stk-button-group\">\n<div class=\"wp-block-stackable-button stk-block-button stk-block stk-f63b751\" data-block-id=\"f63b751\"><style>.stk-f63b751 .stk-button{padding-top:12px !important;padding-right:30px !important;padding-bottom:12px !important;padding-left:30px !important;}<\/style><a class=\"stk-link stk-button stk--hover-effect-darken\" href=\"http:\/\/172.16.1.59\/index.php\/contato\/\"><span class=\"stk-button__inner-text\">Fale Conosco<\/span><\/a><\/div>\n<\/div><\/div>\n<\/div><\/div><\/div>\n<\/div><\/div>\n","protected":false},"excerpt":{"rendered":"<p>Expediente Rede do Observat\u00f3rio de Turismo A Rede do Observat\u00f3rio de Turismo da UEA \u00e9 constitu\u00edda pelo Grupo de Pesquisa do Observat\u00f3rio da UEA, por entidades p\u00fablicas, privadas e institui\u00e7\u00f5es da sociedade civil que colaboram com o desenvolvimento de atividade tur\u00edstica no Amazonas e que tenham celebrado termo de coopera\u00e7\u00e3o t\u00e9cnica com a UEA. Integram [&hellip;]<\/p>\n","protected":false},"author":1,"featured_media":0,"parent":0,"menu_order":0,"comment_status":"closed","ping_status":"closed","template":"","meta":{"footnotes":""},"class_list":["post-723","page","type-page","status-publish","hentry"],"blocksy_meta":{"page_title_panel":"","has_hero_section":"disabled","fe1c64ab89945cda534f4bb2d579ae1a":"","hero_section":"type-1","hero_elements":[{"id":"custom_title","enabled":true,"heading_tag":"h1","title":"Home"},{"id":"custom_description","enabled":true,"description_visibility":{"desktop":true,"tablet":true,"mobile":false}},{"id":"custom_meta","enabled":false,"meta_elements":[{"id":"author","enabled":true,"label":"By","has_author_avatar":"yes","avatar_size":25},{"id":"post_date","enabled":true,"label":"On","date_format_source":"default","date_format":"M j, Y"},{"id":"updated_date","enabled":false,"label":"On","date_format_source":"default","date_format":"M j, Y"},{"id":"categories","enabled":false,"label":"In","style":"simple"},{"id":"comments","enabled":true}],"page_meta_elements":{"joined":true,"articles_count":true,"comments":true}},{"id":"breadcrumbs","enabled":false}],"433b02732bec8d55ec282f00a9a700eb":"","hero_alignment1":"CT_CSS_SKIP_RULE","hero_margin":40,"hero_alignment2":"center","hero_vertical_alignment":"center","fdbb34d69d6afe2394c07d96c9ea0b60":"","hero_structure":"narrow","cb306aece5e91b9a44875e4a81075440":"","page_title_bg_type":"featured_image","custom_hero_background":{"attachment_id":null},"page_title_image_size":"full","parallax":{"desktop":false,"tablet":false,"mobile":false},"034bc954f3c533bc75ffdf62670c8395":"","hero_height":"250px","pageTitleFont":{"family":"Default","variation":"Default","size":"30px","line-height":"CT_CSS_SKIP_RULE","letter-spacing":"CT_CSS_SKIP_RULE","text-transform":"CT_CSS_SKIP_RULE","text-decoration":"CT_CSS_SKIP_RULE"},"pageTitleFontColor":{"default":{"color":"CT_CSS_SKIP_RULEDEFAULT"}},"pageMetaFont":{"family":"Default","variation":"n6","size":"12px","line-height":"1.3","letter-spacing":"CT_CSS_SKIP_RULE","text-transform":"uppercase","text-decoration":"CT_CSS_SKIP_RULE"},"pageMetaFontColor":{"default":{"color":"CT_CSS_SKIP_RULEDEFAULT"},"hover":{"color":"CT_CSS_SKIP_RULEDEFAULT"}},"page_meta_button_type_font_colors":{"default":{"color":"CT_CSS_SKIP_RULEDEFAULT"},"hover":{"color":"CT_CSS_SKIP_RULEDEFAULT"}},"page_meta_button_type_background_colors":{"default":{"color":"CT_CSS_SKIP_RULEDEFAULT"},"hover":{"color":"CT_CSS_SKIP_RULEDEFAULT"}},"pageExcerptFont":{"family":"Default","variation":"Default","size":"CT_CSS_SKIP_RULE","line-height":"CT_CSS_SKIP_RULE","letter-spacing":"CT_CSS_SKIP_RULE","text-transform":"CT_CSS_SKIP_RULE","text-decoration":"CT_CSS_SKIP_RULE"},"pageExcerptColor":{"default":{"color":"CT_CSS_SKIP_RULEDEFAULT"}},"breadcrumbsFont":{"family":"Default","variation":"Default","size":"CT_CSS_SKIP_RULE","line-height":"CT_CSS_SKIP_RULE","letter-spacing":"CT_CSS_SKIP_RULE","text-transform":"CT_CSS_SKIP_RULE","text-decoration":"CT_CSS_SKIP_RULE"},"breadcrumbsFontColor":{"default":{"color":"CT_CSS_SKIP_RULEDEFAULT"},"initial":{"color":"CT_CSS_SKIP_RULEDEFAULT"},"hover":{"color":"CT_CSS_SKIP_RULEDEFAULT"}},"pageTitleOverlay":{"background_type":"color","background_pattern":"type-1","background_image":{"attachment_id":null,"x":0,"y":0},"gradient":"linear-gradient(135deg,rgba(6,147,227,1) 0%,rgb(155,81,224) 100%)","background_repeat":"repeat","background_size":"auto","background_attachment":"scroll","patternColor":{"default":{"color":"#e5e7ea"}},"overlayColor":{"default":{"color":"CT_CSS_SKIP_RULE"}},"backgroundColor":{"default":{"color":"CT_CSS_SKIP_RULE"}}},"pageTitleBackground":{"background_type":"color","background_pattern":"type-1","background_image":{"attachment_id":null,"x":0,"y":0},"gradient":"linear-gradient(135deg,rgba(6,147,227,1) 0%,rgb(155,81,224) 100%)","background_repeat":"repeat","background_size":"auto","background_attachment":"scroll","patternColor":{"default":{"color":"#e5e7ea"}},"overlayColor":{"default":{"color":"CT_CSS_SKIP_RULE"}},"backgroundColor":{"default":{"color":"var(--theme-palette-color-6)"}}},"pageTitlePadding":{"top":"50px","bottom":"50px","left":"auto","right":"auto","linked":true},"12e455f30de1d15aed0effbbb6f951bf":"","page_structure_type":"default","f474d2f3ad69b4e64f52dac0a3aa2bb2":"","content_style_source":"inherit","content_style":"wide","vertical_spacing_source":"custom","content_area_spacing":"none","background":{"background_type":"color","background_pattern":"type-1","background_image":{"attachment_id":null,"x":0,"y":0},"gradient":"linear-gradient(135deg,rgba(6,147,227,1) 0%,rgb(155,81,224) 100%)","background_repeat":"repeat","background_size":"auto","background_attachment":"scroll","patternColor":{"default":{"color":"#e5e7ea"}},"overlayColor":{"default":{"color":"CT_CSS_SKIP_RULE"}},"backgroundColor":{"default":{"color":"CT_CSS_SKIP_RULE"}}},"content_background":{"background_type":"color","background_pattern":"type-1","background_image":{"attachment_id":null,"x":0,"y":0},"gradient":"linear-gradient(135deg,rgba(6,147,227,1) 0%,rgb(155,81,224) 100%)","background_repeat":"repeat","background_size":"auto","background_attachment":"scroll","patternColor":{"default":{"color":"#e5e7ea"}},"overlayColor":{"default":{"color":"CT_CSS_SKIP_RULE"}},"backgroundColor":{"default":{"color":"var(--theme-palette-color-8)"}}},"content_boxed_shadow":{"inherit":false,"blur":18,"spread":-6,"v_offset":12,"h_offset":0,"inset":false,"enable":true,"color":{"color":"rgba(34, 56, 101, 0.04)"}},"content_boxed_border":{"width":1,"style":"none","color":{"color":"rgba(44,62,80,0.2)"}},"content_boxed_radius":{"top":"3px","bottom":"3px","left":"3px","right":"3px","linked":true},"boxed_content_spacing":{"desktop":{"top":"40px","bottom":"40px","left":"40px","right":"40px","linked":true},"tablet":{"top":"35px","bottom":"35px","left":"35px","right":"35px","linked":true},"mobile":{"top":"20px","bottom":"20px","left":"20px","right":"20px","linked":true}},"fca9f1d1c7aa58a4b21dd78357f6373e":"","disable_featured_image":"no","disable_share_box":"no","disable_header":"no","disable_footer":"no","styles_descriptor":{"styles":{"desktop":"","tablet":"","mobile":""},"google_fonts":[],"version":6}},"_links":{"self":[{"href":"http:\/\/observatoriodeturismo.uea.edu.br\/index.php\/wp-json\/wp\/v2\/pages\/723","targetHints":{"allow":["GET"]}}],"collection":[{"href":"http:\/\/observatoriodeturismo.uea.edu.br\/index.php\/wp-json\/wp\/v2\/pages"}],"about":[{"href":"http:\/\/observatoriodeturismo.uea.edu.br\/index.php\/wp-json\/wp\/v2\/types\/page"}],"author":[{"embeddable":true,"href":"http:\/\/observatoriodeturismo.uea.edu.br\/index.php\/wp-json\/wp\/v2\/users\/1"}],"replies":[{"embeddable":true,"href":"http:\/\/observatoriodeturismo.uea.edu.br\/index.php\/wp-json\/wp\/v2\/comments?post=723"}],"version-history":[{"count":24,"href":"http:\/\/observatoriodeturismo.uea.edu.br\/index.php\/wp-json\/wp\/v2\/pages\/723\/revisions"}],"predecessor-version":[{"id":1291,"href":"http:\/\/observatoriodeturismo.uea.edu.br\/index.php\/wp-json\/wp\/v2\/pages\/723\/revisions\/1291"}],"wp:attachment":[{"href":"http:\/\/observatoriodeturismo.uea.edu.br\/index.php\/wp-json\/wp\/v2\/media?parent=723"}],"curies":[{"name":"wp","href":"https:\/\/api.w.org\/{rel}","templated":true}]}}